{"id":3,"date":"2019-11-26T18:10:17","date_gmt":"2019-11-26T17:10:17","guid":{"rendered":"http:\/\/corsi.fotografareindigitale.com\/corsi\/?page_id=3"},"modified":"2019-12-02T15:25:37","modified_gmt":"2019-12-02T14:25:37","slug":"privacy-policy","status":"publish","type":"page","link":"https:\/\/corsi.fotografareindigitale.com\/corsi\/privacy-policy\/","title":{"rendered":"Privacy Policy"},"content":{"rendered":"<h2 class=\"wp-block-heading\">Chi siamo<\/h2>\n<p>L&#8217;indirizzo del nostro sito web \u00e8: http:\/\/corsi.fotografareindigitale.com\/corsi.<\/p>\n<h1 class=\"wp-block-heading\">1&nbsp;&nbsp;&nbsp;&nbsp;&nbsp; Premessa<\/h1>\n<p>In questa sezione sono contenute le informazioni relative alle modalit\u00e0 di gestione di Fotografare In Digitale in riferimento al trattamento dei dati degli utenti di Fotografare In Digitale.<\/p>\n<p>La presente informativa ha valore anche ai fini del Codice in materia di protezione dei dati personali per i soggetti che interagiscono con Fotografare In Digitale ed \u00e8 raggiungibile all&#8217;indirizzo corrispondente alla pagina iniziale: www.fotografareindigitale.com<\/p>\n<p>L&#8217;informativa \u00e8 resa solo per Fotografare In Digitale e non anche per altri siti web eventualmente consultati dall&#8217;utente tramite link in esso contenuti.<\/p>\n<p>Scopo del presente documento \u00e8 fornire indicazioni circa le modalit\u00e0, i tempi e la natura delle informazioni che i titolari del trattamento devono fornire agli utenti al momento della connessione alle pagine web di Fotografare In Digitale, indipendentemente dagli scopi del collegamento stesso, AI SENSI DEGLI ART. 13-14 DEL GDPR (GENERAL DATA PROTECTION REGULATION) 2016\/679 e successive modifiche.<\/p>\n<h1 class=\"wp-block-heading\">2&nbsp;&nbsp;&nbsp;&nbsp;&nbsp; Introduzione<\/h1>\n<p>Questo blog non rappresenta una testata giornalistica in quanto viene aggiornato senza alcuna periodicit\u00e0 . Non pu\u00f2 pertanto considerarsi un prodotto editoriale ai sensi della legge n\u00b0 62 del 7.03.2001.<br \/>L&#8217;autore non \u00e8 responsabile per quanto pubblicato dai lettori nei commenti ad ogni post.Verranno cancellati i commenti ritenuti offensivi o lesivi dell\u2019immagine o dell\u2019onorabilit\u00e0 di terzi, di genere spam, razzisti o che contengano dati personali non conformi al rispetto delle norme sulla Privacy.<br \/>Alcuni testi o immagini inserite in questo blog sono tratte da internet e, pertanto, considerate di pubblico dominio; qualora la loro pubblicazione violasse eventuali diritti d&#8217;autore, vogliate comunicarlo tramite il form &#8220;contatti&#8221; al fine della loro rimozione. L&#8217;autore del blog non \u00e8 responsabile dei siti collegati tramite link n\u00e9 del loro contenuto che pu\u00f2 essere soggetto a variazioni nel tempo.<\/p>\n<p>I dati che i partecipanti al Blog conferiscono all\u2019atto della loro iscrizione sono limitati all\u2019 indirizzo e-mail e sono obbligatori al fine di ricevere la notifica di pubblicazione di un post.Per poter postare un commento invece, oltre all\u2019email, \u00e8 richiesto l\u2019inserimento di nome e cognome, che possono anche non essere pubblicati insieme al commento postato dall\u2019utente, mentre l\u2019indirizzo e-mail viene utilizzato esclusivamente per l\u2019invio delle news del sito. Le opinioni ed i commenti postati dagli utenti e le informazioni e i dati in esso contenuti non saranno destinati ad altro scopo che alla loro pubblicazione sul Blog, in particolare, non ne \u00e8 prevista l\u2019aggregazione o selezione in specifiche banche dati. Eventuali trattamenti a fini statistici che in futuro possa essere intenzione del sito eseguire saranno condotti esclusivamente su base anonima. Mentre la diffusione dei dati anagrafici dell\u2019utente e di quelli rilevabili dai commenti postati deve intendersi direttamente attribuita alla iniziativa dell\u2019utente medesimo, garantiamo che nessuna altra ipotesi di trasmissione o diffusione degli stessi \u00e8, dunque, prevista. In ogni caso, l\u2019utente pu\u00f2, in maniera del tutto autonoma, cancellare qualsiasi informazione ad egli relativa dalla pagina del profilo, con il pulsante relativo (cancella account). La cancellazione dell&#8217;account andr\u00e0 ad eliminare ogni traccia, inclusi i commenti, da questo sito web.<\/p>\n<h2 class=\"wp-block-heading\">2.1&nbsp; &nbsp;Social network<\/h2>\n<p>Scopo e quantit\u00e0 del rilevamento dei dati, la successiva elaborazione ed uso da parte dei rispettivi provider, nonch\u00e9 diritti e opzioni dell\u2019utente a tal riguardo in merito al trattamento dei dati personali, sono indicati nelle note per la privacy del rispettivo social network:<\/p>\n<ol class=\"wp-block-list\">\n<li>Disqus:&nbsp;<a href=\"https:\/\/docs.disqus.com\/help\/30\/\">https:\/\/docs.disqus.com\/help\/30\/<\/a><\/li>\n<li>Facebook:&nbsp;<a href=\"https:\/\/www.facebook.com\/policy.php\">https:\/\/www.facebook.com\/policy.php<\/a><\/li>\n<li>Twitter:&nbsp;<a href=\"https:\/\/twitter.com\/privacy\">https:\/\/twitter.com\/privacy<\/a><\/li>\n<li>Google:&nbsp;<a href=\"https:\/\/www.google.com\/intl\/de\/+\/policy\/+1button.html\">https:\/\/www.google.com\/intl\/de\/+\/policy\/+1button.html<\/a>&nbsp;o&nbsp;<a href=\"https:\/\/www.google.com\/intl\/de\/privacy\">https:\/\/www.google.com\/intl\/de\/privacy<\/a><\/li>\n<li>Yahoo:&nbsp;<a href=\"https:\/\/info.yahoo.com\/privacy\/it\/yahoo\/details.html\">https:\/\/info.yahoo.com\/privacy\/it\/yahoo\/details.html<\/a><\/li>\n<li>Openid:&nbsp;<a href=\"https:\/\/openid.net\/foundation\/members\/privacy_policy\">https:\/\/openid.net\/foundation\/members\/privacy-policy<\/a><\/li>\n<li>Linkedin:&nbsp;<a href=\"https:\/\/www.linkedin.com\/legal\/privacy-policy?trk=%7Berror-page%7D-privacy-policy\">Linkedin Privacy Policy<\/a><\/li>\n<li>Pinterest:&nbsp;<a href=\"https:\/\/pinterest.com\/about\/privacy\/\">https:\/\/pinterest.com\/about\/privacy\/<\/a><\/li>\n<li>Strumbleupon:&nbsp;https:\/\/www.stumbleupon.com\/privacy<\/li>\n<li>Flickr:&nbsp;<a href=\"https:\/\/policies.yahoo.com\/us\/en\/yahoo\/privacy\/products\/flickr\/\">https:\/\/policies.yahoo.com\/us\/en\/yahoo\/privacy\/products\/flickr\/<\/a><\/li>\n<li>Delicious:&nbsp;https:\/\/delicious.com\/privacy<\/li>\n<li>tumblr:&nbsp;<a href=\"https:\/\/www.tumblr.com\/policy\/en\/terms-of-service#dmca\">https:\/\/www.tumblr.com\/policy\/en\/terms-of-service#dmca<\/a><\/li>\n<\/ol>\n<p>Se non desideri che i provider dei summenzionati social network ricevano i tuoi dati tramite il nostro sito, dovrai effettuare il log-out dal relativo social network o disattivare l\u2019uso degli script java dal tuo browser o ancora bloccare l\u2019esecuzione degli script per il dominio interessato o bloccare tutti i cookie usando il bottone presente alla fine di questa pagina, prima di visitare il nostro sito.<\/p>\n<h1 class=\"wp-block-heading\">3&nbsp;&nbsp;&nbsp;&nbsp;&nbsp; Il trattamento dei dati<\/h1>\n<h2 class=\"wp-block-heading\">3.1&nbsp;&nbsp;&nbsp;&nbsp;&nbsp; Titolare<\/h2>\n<p>Nel corso dell&#8217;utilizzazione di Fotografare In Digitale i dati relativi a presone identifcate o identificabili possono essere trattati per fornire servizi ovvero migliorare questi utlimi tanto per servizi basici come l&#8217;individuazione della lingua dell&#8217;utente quanto per servizi pi\u00f9 complessi.<\/p>\n<p>Titolare del trattamento \u00e8 Beppe Fuccicchio con sede in:<\/p>\n<p>Via Alessandro Volta, 25<br \/>Desio,&nbsp;MB<br \/>Italia&nbsp;20832<\/p>\n<h2 class=\"wp-block-heading\">3.2&nbsp;&nbsp;&nbsp;&nbsp;&nbsp; Luogo<\/h2>\n<p>Il trattamento dei dati generato dall&#8217;utilizzo di Fotografare In Digitale avviene presso la sede del titolare del trattamento con l&#8217;intervento dei soggetti di esso incaricati. In caso di necessit\u00e0, i dati connessi al servizio newsletter possono essere trattati dal responsabile del trattamento o soggetti da esso incaricati a tal fine presso la relativa sede.<\/p>\n<h2 class=\"wp-block-heading\">3.3&nbsp;&nbsp;&nbsp;&nbsp;&nbsp; I dati raccolti<\/h2>\n<p>Fra i Dati Personali raccolti da questo Sito, in modo autonomo o tramite terze parti, ci sono: Cookie, Dati di utilizzo, Email e Nome.<\/p>\n<ul class=\"wp-block-list\">\n<li>Altri Dati Personali raccolti potrebbero essere indicati in altre sezioni di questa privacy policy o mediante testi informativi visualizzati contestualmente alla raccolta dei Dati stessi.<br \/>I Dati Personali possono essere inseriti volontariamente dall\u2019Utente, oppure raccolti in modo automatico durante l\u2019uso di questo Sito.<br \/>L\u2019eventuale utilizzo di Cookie \u2013 o di altri strumenti di tracciamento \u2013 da parte di questo Sito o dei titolari dei servizi terzi utilizzati da questo Sito, ove non diversamente precisato, ha la finalit\u00e0 di identificare l\u2019Utente e registrare le relative preferenze per finalit\u00e0 strettamente legate all\u2019erogazione del servizio richiesto dall\u2019Utente.<br \/>Il mancato conferimento da parte dell\u2019Utente di alcuni Dati Personali potrebbe impedire a questo Sito di erogare i propri servizi.<\/li>\n<\/ul>\n<p>L\u2019Utente si assume la responsabilit\u00e0 dei Dati Personali di terzi pubblicati o condivisi mediante questo Sito e garantisce di avere il diritto di comunicarli o diffonderli, liberando il Titolare da qualsiasi responsabilit\u00e0 verso terzi.<\/p>\n<h2 class=\"wp-block-heading\">3.4&nbsp;&nbsp;&nbsp;&nbsp;&nbsp; I dati trattati<\/h2>\n<h3 class=\"wp-block-heading\">3.4.1&nbsp; &nbsp; &nbsp; &nbsp; I cookies<\/h3>\n<p>Potete trovare l&#8217;informativa estesa dei cookie, in ottemperanza alle nuove disposizioni in materia di privacy (GDPR) <strong><a href=\"https:\/\/www.fotografareindigitale.com\/informativa-completa-sui-cookies\/\">a questo link<\/a><\/strong>.<\/p>\n<h3 class=\"wp-block-heading\">3.4.2&nbsp;&nbsp;&nbsp;&nbsp;&nbsp;&nbsp;&nbsp; Newsletters e Mailing List<\/h3>\n<p>Per newsletter si intende un servizio offerto attraverso l\u2019invio di un insieme coordinato di messaggi informativi di vario genere su specifici argomenti; la loro peculiarit\u00e0 consiste nell&#8217;essere inviate periodicamente, a mezzo posta elettronica, a tutti coloro che ne facciano, o ne faranno, richiesta.<\/p>\n<p>La\/le newsletter sono erogate esclusivamente a coloro che ne facciano&nbsp;esplicita richiesta e che autorizzano Fotografare in Digitale&nbsp;al trattamento dei propri dati personali. Tutti i dati sono collezionati da un sistema terzo, noto con il nome di MailerLite (<a href=\"https:\/\/www.mailerlite.com\">https:\/\/www.mailerlite.com<\/a>).<\/p>\n<p>Dati personali raccolti: Email e Nome.<\/p>\n<h3 class=\"wp-block-heading\">3.4.3&nbsp;&nbsp;&nbsp;&nbsp;&nbsp;&nbsp;&nbsp; Modulo di contatto (Questo Sito)<\/h3>\n<p>L\u2019Utente, compilando con i propri Dati il modulo di contatto, acconsente al loro utilizzo per rispondere alle richieste di informazioni, di preventivo, o di qualunque altra natura indicata dall\u2019intestazione del modulo.<\/p>\n<p>Dati personali raccolti: Email e Nome.<\/p>\n<h3 class=\"wp-block-heading\">3.4.4&nbsp;&nbsp;&nbsp;&nbsp;&nbsp;&nbsp;&nbsp; &nbsp;Dati di navigazione<\/h3>\n<p>I sistemi informatici e le procedure tecniche e software sottostanti il funzionamento di questo sito web acquisiscono, nel corso del loro normale esercizio, alcuni dati personali la cui trasmissione \u00e8 implicita nei meccanismi di funzionamento e dei protocolli in uso su Internet.<\/p>\n<p>Ogni volta che l\u2019utente accede a questo sito e ogni volta che richiama o richiede un contenuto i dati d\u2019accesso vengono memorizzati presso i nostri sistemi e potenzialmente anche dal responsabile del trattamento e dagli incaricati del trattamento, sotto forma di file di dati tabellari o lineari (all\u2019interno di appositi file di log), strutturati e\/o destrutturati.<\/p>\n<p>Ogni riga di stoccaggio dei dati \u00e8 composta da informazioni quali:<br \/>&#8211; Il sito Internet da cui \u00e8 stata richiamata la nostra pagina (c.d. \u201creferral\u201d);<br \/>&#8211; Il Suo indirizzo IP;<br \/>&#8211; La data e l\u2019ora della richiesta o dell\u2019accesso;<br \/>&#8211; La richiesta medesima da parte del Suo browser o di altro client, sotto forma di indirizzi in notazione URI (Uniform Resource Identifier);<br \/>&#8211; Il codice tecnico della risposta http ottenuta dal server (errore, buon fine, ecc.);<br \/>&#8211; La quantit\u00e0 di dati trasmessa;<br \/>&#8211; Il browser, le sue caratteristiche tecniche e funzionali ed il sistema operativo utilizzati.<\/p>\n<p>Questi dati potranno essere utilizzati dal Titolare al solo fine di ricavare informazioni statistiche anonime sull\u2019uso del sito al fine di individuare le pagine preferite dagli utenti e fornire dunque contenuti sempre pi\u00f9 adeguati e per controllarne il corretto funzionamento. Su richiesta dell\u2019Autorit\u00e0, i dati potrebbero essere utilizzati per l\u2019accertamento di responsabilit\u00e0 in caso di ipotetici reati informatici ai danni del sito o dei suoi utenti.<\/p>\n<h3 class=\"wp-block-heading\">3.4.5&nbsp;&nbsp;&nbsp;&nbsp;&nbsp;&nbsp;&nbsp; Dati forniti dall&#8217;utente<\/h3>\n<p>In diversi punti di questo sito Lei ha la possibilit\u00e0 di trasmetterci dei dati personali (es. indirizzo e-mail, nome, CAP, altri dati anagrafici e non). L&#8217;invio di questi dati avviene su base facoltativa, esplicita e volontaria, e comporta la successiva acquisizione dell&#8217;indirizzo email del mittente, necessario per rispondere alle richieste, nonch\u00e9 degli eventuali altri dati personali inseriti per le finalit\u00e0 del servizio e quelle ulteriormente da Lei concesse.<\/p>\n<p>I dati personali che Lei fornir\u00e0 verranno registrati e conservati su supporti elettronici protetti e trattati con adeguate misure di sicurezza anche associandoli ed integrandoli con altri DataBase.<\/p>\n<p>I dati da Lei forniti saranno trattati Fotografare in Digitale esclusivamente con modalit\u00e0 e procedure necessarie per fornirLe i servizi da Lei richiesti.<br \/>I dati non saranno diffusi ma potranno essere comunicati, ove necessario per l&#8217;erogazione del servizio, a societ\u00e0 che svolgono per conto Fotografare in Digitale compiti di natura tecnica od organizzativa strumentali alla fornitura dei servizi richiesti.<\/p>\n<h3 class=\"wp-block-heading\">3.4.6&nbsp;&nbsp;&nbsp;&nbsp;&nbsp;&nbsp;&nbsp; Permessi Facebook richiesti da questo&nbsp;Sito<\/h3>\n<p>Questo Sito&nbsp;pu\u00f2 richiedere alcuni permessi Facebook che gli&nbsp;consentono di eseguire azioni con l\u2019account Facebook dell\u2019Utente e di raccogliere informazioni, inclusi Dati Personali, da esso.<\/p>\n<p>Per maggiorni informazioni sui permessi che seguono, fai riferimento alla&nbsp;<a href=\"https:\/\/developers.facebook.com\/docs\/authentication\/permissions\/\">documentazione dei permessi Facebook<\/a>&nbsp;ed alla&nbsp;<a href=\"https:\/\/www.facebook.com\/about\/privacy\/\">privacy policy di Facebook<\/a>.<\/p>\n<p>I permessi richiesti sono i seguenti:<\/p>\n<p><strong>Informazioni di base:<\/strong>Le informazioni di base dell\u2019Utente registrato su Facebook che normalmente includono i seguenti Dati: id, nome, immagine, genere e lingua di localizzazione ed, in alcuni casi gli \u201cAmici\u201d di Facebook. Se l\u2019Utente ha reso disponibili pubblicamente Dati ulteriori, gli stessi saranno disponibili.<\/p>\n<p><strong>Condivisione:<\/strong> Condivisione al posto dell\u2019utente.<\/p>\n<p><strong>Insight:<\/strong> Fornisce accesso ai dati Insight per pagine, applicazioni e domini che l\u2019utente possiede.<\/p>\n<p><strong>Mi Piace:&nbsp;<\/strong>Fornisce accesso alla lista di tutte le pagine che l\u2019utente ha contrassegnato con il Mi Piace.<\/p>\n<h2 class=\"wp-block-heading\">3.5&nbsp;&nbsp;&nbsp;&nbsp;&nbsp; Facoltativit\u00e0 del conferimento di dati<\/h2>\n<p>L&#8217;utente \u00e8 sempre libero di fornire i dati personali richiesti per l&#8217;invio di materiale informativo, salvo quanto necessario per la navigazione.<\/p>\n<p>Il mancato conferimento, per contro, pu\u00f2 comportare l&#8217;impossibilit\u00e0 di ottenere quanto richiesto.<\/p>\n<h2 class=\"wp-block-heading\">3.6&nbsp;&nbsp;&nbsp;&nbsp;&nbsp; Modalit\u00e0 del trattamento<\/h2>\n<p>I dati personali sono trattati con strumenti automatizzati per il tempo strettamente necessario a conseguire gli scopi per cui sono stati raccolti.<\/p>\n<p>I dati come sopra specificati e raccolti sono conservati su supporto informatico.<br \/>Lei pu\u00f2 cancellare i dati, in qualsiasi momento e senza intermediazione, autonomamente e sotto la propria responsabilit\u00e0, attraverso una procedura automatizzata on line messa a disposizione da&nbsp;FiD, accessibile tramite il link diretto presente alla fine&nbsp;della newsletter stessa (<em>Cancella Iscrizione<\/em>).<\/p>\n<p>Il dati sono trattati esclusivamente dagli amministratori di FiD e nessun collaboratore esterno o interno ha facolt\u00e0 di accedere ad essi. Gli amministratori di FiD sono designati quali responsabili e\/o incaricati del trattamento e hanno ricevuto le necessarie ed adeguate informazioni in materia.<br \/>Il trattamento dei Suoi dati viene effettuato in modo lecito e secondo correttezza, per scopi determinati, espliciti e legittimi, non eccedenti rispetto alle finalit\u00e0.<\/p>\n<p>Per cancellare in maniera automatica tutti i dati personali (inclusi articoli, post, commenti), pu\u00f2 essere usato il link qui sotto (se non vedete il link vuol dire che non siete loggati o non avete un account attivo su questo sito):<br \/>[plugin_delete_me \/]<\/p>\n<p>In alternativa \u00e8 possibile fare una richiesta esplicita <a href=\"https:\/\/www.fotografareindigitale.com\/gdpr-request-personal-data\/\">a questo link<\/a>.<\/p>\n<h2 class=\"wp-block-heading\">3.7&nbsp;&nbsp;&nbsp;&nbsp;&nbsp; Finalit\u00e0 del Trattamento dei Dati raccolti<\/h2>\n<p>I Dati dell\u2019Utente sono raccolti per consentire al sito di fornire i propri servizi, cos\u00ec come per le seguenti finalit\u00e0: Contattare l\u2019Utente, Gestione indirizzi e invio di messaggi email, Interazione con social network e piattaforme esterne, Affiliazione commerciale, Commento dei contenuti, Gestione dei feed RSS e Statistica. Le tipologie di Dati Personali utilizzati per ciascuna finalit\u00e0 sono indicati nelle sezioni specifiche di questo documento.<\/p>\n<h2 class=\"wp-block-heading\">3.8&nbsp;&nbsp;&nbsp;&nbsp;&nbsp; Diritti degli interessati<\/h2>\n<p>Le informazioni circa il contenuto, l&#8217;origine, l&#8217;esattezza, l&#8217;integrazione, l&#8217;aggiornamento ovvero la correzione dei dati sono accessibili al proprietario degli stessi cos\u00ec come la loro l&#8217;esistenza negli archivi di Fotografare In Digitale che pu\u00f2 essere verificata mediante richiesta. Parimenti si ha il diritto di chiedere la cancellazione, la trasformazione in forma anonima o il blocco dei dati trattati in violazione di legge, nonch\u00e9 di opporsi in ogni caso, per motivi legittimi, al loro trattamento.<\/p>\n<p>Le richieste vanno rivolte:<\/p>\n<ul class=\"wp-block-list\">\n<li>per e-mail, all&#8217;indirizzo: contatti@fotografareindigitale.com<\/li>\n<li>a mezzo fax: +39 02xxxxxxxx<\/li>\n<li>a mezzo posta al seguente indirizzo:<br \/>Via Alessandro Volta, 25<br \/>Desio,&nbsp;MB<br \/>Italia&nbsp;20832<\/li>\n<\/ul>\n<h1 class=\"wp-block-heading\">4&nbsp;&nbsp;&nbsp;&nbsp;&nbsp; Definizioni e riferimenti legali<\/h1>\n<h2 class=\"wp-block-heading\">4.1&nbsp;&nbsp;&nbsp;&nbsp;&nbsp; Dati Personali (o Dati)<\/h2>\n<p>Costituisce dato personale qualunque informazione relativa a persona fisica, identificata o identificabile, anche indirettamente, mediante riferimento a qualsiasi altra informazione, ivi compreso un numero di identificazione personale.<\/p>\n<h2 class=\"wp-block-heading\">4.2&nbsp;&nbsp;&nbsp;&nbsp;&nbsp; Dati di Utilizzo<\/h2>\n<p>Sono le informazioni raccolti in maniera automatica di questa Applicazione (o dalle applicazioni di parti terze che questa Applicazione utilizza), tra i quali: gli indirizzi IP o i nomi a dominio dei computer utilizzati dall\u2019Utente che si connette con questa Applicazione, gli indirizzi in notazione URI (Uniform Resource Identifier), l\u2019orario della richiesta, il metodo utilizzato nel sottoporre la richiesta al server, la dimensione del file ottenuto in risposta, il codice numerico indicante lo stato della risposta dal server (buon fine, errore, ecc.) il Paese di provenienza, le caratteristiche del browser e del sistema operativo utilizzati dal visitatore, le varie connotazioni temporali della visita (ad esempio il tempo di permanenza su ciascuna pagina) e i dettagli relativi all\u2019itinerario seguito all\u2019interno dell\u2019Applicazione, con particolare riferimento alla sequenza delle pagine consultate, ai parametri relativi al sistema operativo e all\u2019ambiente informatico dell\u2019Utente.<\/p>\n<h2 class=\"wp-block-heading\">4.3&nbsp;&nbsp;&nbsp;&nbsp;&nbsp; Utente<\/h2>\n<p>L&#8217;individuo che utilizza questa Applicazione, che deve coincidere con l&#8217;Interessato o essere da questo autorizzato ed i cui Dati Personali sono oggetto del trattamento.<\/p>\n<h2 class=\"wp-block-heading\">4.4&nbsp;&nbsp;&nbsp;&nbsp;&nbsp; Interessato<\/h2>\n<p>La persona fisica o giuridica cui si riferiscono i Dati Personali.<\/p>\n<h2 class=\"wp-block-heading\">4.5&nbsp;&nbsp;&nbsp;&nbsp;&nbsp; Responsabile del Trattamento (o Responsabile)<\/h2>\n<p>La persona fisica, giuridica, la pubblica amministrazione e qualsiasi altro ente, associazione od organismo preposti dal Titolare al trattamento dei Dati Personali, secondo quanto predisposto dalla presente privacy policy.<\/p>\n<h2 class=\"wp-block-heading\">4.6&nbsp;&nbsp;&nbsp;&nbsp;&nbsp; Titolare del Trattamento (o Titolare)<\/h2>\n<p>La persona fisica, giuridica, la pubblica amministrazione e qualsiasi altro ente, associazione od organismo cui competono, anche unitamente ad altro titolare, le decisioni in ordine alle finalit\u00e0, alle modalit\u00e0 del trattamento di dati personali ed agli strumenti utilizzati, ivi compreso il profilo della sicurezza, in relazione al funzionamento e alla fruizione di questa Applicazione. Il Titolare del Trattamento, salvo quanto diversamente specificato, \u00e8 il proprietario di questa Applicazione.<\/p>\n<h2 class=\"wp-block-heading\">4.7&nbsp;&nbsp;&nbsp;&nbsp;&nbsp; Questa Applicazione<\/h2>\n<p>Lo strumento hardware o software mediante il quale sono raccolti i Dati Personali degli Utenti.<\/p>\n<h2 class=\"wp-block-heading\">4.8&nbsp;&nbsp;&nbsp;&nbsp;&nbsp; Cookie<\/h2>\n<p>Piccola porzione di dati conservata all&#8217;interno del dispositivo dell&#8217;Utente.<\/p>\n<h2 class=\"wp-block-heading\">4.9&nbsp;&nbsp;&nbsp;&nbsp;&nbsp; Riferimenti legali<\/h2>\n<p>Avviso agli Utenti europei: la presente informativa privacy \u00e8 redatta in adempimento degli obblighi previsti dall\u2019Art. 10 della Direttiva n. 95\/46\/CE, nonch\u00e9 a quanto previsto dalla Direttiva 2002\/58\/CE, come aggiornata dalla Direttiva 2009\/136\/CE, in materia di Cookie.<\/p>\n<p>Questa informativa privacy riguarda esclusivamente questa Applicazione.<\/p>\n<h1 class=\"wp-block-heading\">5&nbsp;&nbsp;&nbsp;&nbsp;&nbsp; Modifiche al presente documento<\/h1>\n<p>Il presente documento, pubblicato all&#8217;indirizzo:&nbsp;https:\/\/www.fotografareindigitale.com\/informativa-sulla-privacy\/<\/p>\n<p>costituisce la privacy policy di questo sito. Esso pu\u00f2 essere soggetto a modifiche o aggiornamenti. Qualora si tratti di modifiche ed aggiornamenti rilevanti questi saranno segnalati con apposite notifiche agli utenti.<\/p>\n<p>Il documento \u00e8 conforme alle disposizioni normative in materia.<\/p>\n<p>Ultima modifica: 02 Dicembre 2019<\/p>\n<h1 class=\"wp-block-heading\">6&nbsp;&nbsp;&nbsp;&nbsp;&nbsp; Natura del Conferimento<\/h1>\n<p>La informiamo che la comunicazione dei dati \u00e8 necessaria ai fini dell&#8217;adempimento dei servizi richiesti; il mancato conferimento, cos\u00ec come il conferimento parziale o inesatto, ha come conseguenza di impedire l&#8217;erogazione puntuale del servizio<\/p>\n<p>Lei pu\u00f2 far valere i Suoi diritti come espressi dall&#8217;art. 7del D.Lgs n.196\/2003, rivolgendosi a Fotografare in Digitale inviando una mail tramite il form di <a href=\"https:\/\/www.fotografareindigitale.com\/contatti\/\">contatto<\/a>.<\/p>\n","protected":false},"excerpt":{"rendered":"<p>Chi siamo L&#8217;indirizzo del nostro sito web \u00e8: http:\/\/corsi.fotografareindigitale.com\/corsi. 1&nbsp;&nbsp;&nbsp;&nbsp;&nbsp; Premessa In questa sezione sono contenute le informazioni relative alle &hellip;<\/p>\n","protected":false},"author":1,"featured_media":0,"parent":0,"menu_order":0,"comment_status":"closed","ping_status":"open","template":"","meta":{"pmpro_default_level":"","_vibebp_attr":"","_vibebp_dimensions":"","_vibebp_responsive_height":"","_vibebp_accordion_ie_support":"","footnotes":""},"coauthors":[174],"class_list":["post-3","page","type-page","status-publish","hentry","pmpro-has-access","user-has-not-earned"],"_links":{"self":[{"href":"https:\/\/corsi.fotografareindigitale.com\/corsi\/wp-json\/wp\/v2\/pages\/3","targetHints":{"allow":["GET"]}}],"collection":[{"href":"https:\/\/corsi.fotografareindigitale.com\/corsi\/wp-json\/wp\/v2\/pages"}],"about":[{"href":"https:\/\/corsi.fotografareindigitale.com\/corsi\/wp-json\/wp\/v2\/types\/page"}],"author":[{"embeddable":true,"href":"https:\/\/corsi.fotografareindigitale.com\/corsi\/wp-json\/wp\/v2\/users\/1"}],"replies":[{"embeddable":true,"href":"https:\/\/corsi.fotografareindigitale.com\/corsi\/wp-json\/wp\/v2\/comments?post=3"}],"version-history":[{"count":1,"href":"https:\/\/corsi.fotografareindigitale.com\/corsi\/wp-json\/wp\/v2\/pages\/3\/revisions"}],"predecessor-version":[{"id":4299,"href":"https:\/\/corsi.fotografareindigitale.com\/corsi\/wp-json\/wp\/v2\/pages\/3\/revisions\/4299"}],"wp:attachment":[{"href":"https:\/\/corsi.fotografareindigitale.com\/corsi\/wp-json\/wp\/v2\/media?parent=3"}],"wp:term":[{"taxonomy":"author","embeddable":true,"href":"https:\/\/corsi.fotografareindigitale.com\/corsi\/wp-json\/wp\/v2\/coauthors?post=3"}],"curies":[{"name":"wp","href":"https:\/\/api.w.org\/{rel}","templated":true}]}}